{"id":3699,"date":"2024-01-20T11:00:42","date_gmt":"2024-01-20T11:00:42","guid":{"rendered":"https:\/\/themepanthers.com\/wp\/risehand\/el\/?page_id=3699"},"modified":"2024-10-08T21:50:49","modified_gmt":"2024-10-08T21:50:49","slug":"blog-style-6","status":"publish","type":"page","link":"https:\/\/devletialiyye.org.tr\/tr\/blog-style-6\/","title":{"rendered":"Blog Style 6"},"content":{"rendered":"<div data-elementor-type=\"wp-page\" data-elementor-id=\"3699\" class=\"elementor elementor-3699\">\n\t\t\t\t\t\t<section class=\"elementor-section elementor-top-section elementor-element elementor-element-bd5c3f5 elementor-section-full_width elementor-section-height-default elementor-section-height-default\" data-id=\"bd5c3f5\" data-element_type=\"section\" data-e-type=\"section\">\n\t\t\t\t\t\t<div class=\"elementor-container elementor-column-gap-no\">\n\t\t\t\t\t<div class=\"elementor-column elementor-col-100 elementor-top-column elementor-element elementor-element-b9723c2\" data-id=\"b9723c2\" data-element_type=\"column\" data-e-type=\"column\">\n\t\t\t<div class=\"elementor-widget-wrap elementor-element-populated\">\n\t\t\t\t\t\t<div class=\"elementor-element elementor-element-f51de1e elementor-widget elementor-widget-risehand-blog-post-v1\" data-id=\"f51de1e\" data-element_type=\"widget\" data-e-type=\"widget\" data-widget_type=\"risehand-blog-post-v1.default\">\n\t\t\t\t<div class=\"elementor-widget-container\">\n\t\t\t\t\t<section class=\"blog_post_section\"> <div class=\"row blog_container clearfix\"> <div class=\"col-xl-6 col-lg-6 col-md-6 col-sm-6 blog-wrapper\"> <div class=\"blog-style_7 trans mb_40 has_images\"> <div class=\"image-box img_obj_fit_center\"> <a href=\"https:\/\/devletialiyye.org.tr\/tr\/sultan-2-abdulhamid-han-vefatinin-108-sene-i-devriyesinde-dualarla-yad-edildi\/\" class=\"img_link\"> <img fetchpriority=\"high\" decoding=\"async\" width=\"2560\" height=\"1183\" src=\"https:\/\/devletialiyye.org.tr\/wp-content\/uploads\/2026\/02\/55-scaled.jpg\" class=\"attachment-risehand-image-370-320 trans size-risehand-image-370-320 trans wp-post-image\" alt=\"\" \/> <\/a> <a href=\"https:\/\/devletialiyye.org.tr\/tr\/category\/etkinlikler\/\" class=\"cat_gry\">Etkinlikler<\/a> <\/div> <div class=\"content_box trans\"> <div class=\"d-flex\"> <span class=\"date_tm\"><time class=\"date published font_special\" datetime=\"2026-02-07T22:00:46+00:00\"><i class=\"risehand-calendar5 mr-5\"><\/i>\u015eubat 7, 2026<\/time><\/span> <\/div> <div class=\"title_22 mb_0\"><a href=\"https:\/\/devletialiyye.org.tr\/tr\/sultan-2-abdulhamid-han-vefatinin-108-sene-i-devriyesinde-dualarla-yad-edildi\/\" class=\"trim-3 mb_0\">Sultan II. Abd\u00fclhamid Han, Vefat\u0131n\u0131n 108. Sene-i Devriyesinde Dualarla Y\u00e2d Edildi<\/a><\/div> <p class=\"des_cription mt_15 mb_0\">Sultan II. Abd\u00fclhamid Han, vefat\u0131n\u0131n 108. sene-i devriyesinde Devlet-i Aliyye Ocaklar\u0131 \u00f6nc\u00fcl\u00fc\u011f\u00fcnde d\u00fczenlenen \u201cAnma ve&hellip;<\/p> <div class=\"mt_10\"> <a class=\"text_btn trans\" href=\"https:\/\/devletialiyye.org.tr\/tr\/sultan-2-abdulhamid-han-vefatinin-108-sene-i-devriyesinde-dualarla-yad-edildi\/\"> <small>Read more<\/small> <\/a> <\/div> <\/div> <\/div>\n <\/div> <div class=\"col-xl-6 col-lg-6 col-md-6 col-sm-6 blog-wrapper\"> <div class=\"blog-style_7 trans mb_40 has_images\"> <div class=\"image-box img_obj_fit_center\"> <a href=\"https:\/\/devletialiyye.org.tr\/tr\/sehzade-abdulhamid-kayihan-osmanoglundan-sama-tarihi-ve-manevi-ziyaret\/\" class=\"img_link\"> <img decoding=\"async\" width=\"902\" height=\"1600\" src=\"https:\/\/devletialiyye.org.tr\/wp-content\/uploads\/2025\/01\/IMG-20250115-WA0315.jpg\" class=\"attachment-risehand-image-370-320 trans size-risehand-image-370-320 trans wp-post-image\" alt=\"\" \/> <\/a> <a href=\"https:\/\/devletialiyye.org.tr\/tr\/category\/haberler\/\" class=\"cat_gry\">Haberler<\/a> <\/div> <div class=\"content_box trans\"> <div class=\"d-flex\"> <span class=\"date_tm\"><time class=\"date published font_special\" datetime=\"2025-01-15T19:50:03+00:00\"><i class=\"risehand-calendar5 mr-5\"><\/i>Ocak 15, 2025<\/time><\/span> <\/div> <div class=\"title_22 mb_0\"><a href=\"https:\/\/devletialiyye.org.tr\/tr\/sehzade-abdulhamid-kayihan-osmanoglundan-sama-tarihi-ve-manevi-ziyaret\/\" class=\"trim-3 mb_0\">\u015eehzade Abd\u00fclhamid Kay\u0131han Osmano\u011flu&#8217;ndan \u015eam\u2019a Tarihi ve Manevi Ziyaret<\/a><\/div> <p class=\"des_cription mt_15 mb_0\">Devlet-i Aliyye Ocaklar\u0131 Genel Ba\u015fkan\u0131 \u015eehzade Abd\u00fclhamid Kay\u0131han Osmano\u011flu, beraberindeki heyetle birlikte, Suriye\u2019de Baas rejiminin&hellip;<\/p> <div class=\"mt_10\"> <a class=\"text_btn trans\" href=\"https:\/\/devletialiyye.org.tr\/tr\/sehzade-abdulhamid-kayihan-osmanoglundan-sama-tarihi-ve-manevi-ziyaret\/\"> <small>Read more<\/small> <\/a> <\/div> <\/div> <\/div>\n <\/div> <div class=\"col-xl-6 col-lg-6 col-md-6 col-sm-6 blog-wrapper\"> <div class=\"blog-style_7 trans mb_40 has_images\"> <div class=\"image-box img_obj_fit_center\"> <a href=\"https:\/\/devletialiyye.org.tr\/tr\/mevlid-kandilinin-rahmet-dolu-atmosferinde-bulusma\/\" class=\"img_link\"> <img decoding=\"async\" width=\"1080\" height=\"1080\" src=\"https:\/\/devletialiyye.org.tr\/wp-content\/uploads\/2024\/09\/Siyah-ve-Sari-Zarif-Mevlid-Kandili-Instagram-Gonderisi-1.png\" class=\"attachment-risehand-image-370-320 trans size-risehand-image-370-320 trans wp-post-image\" alt=\"\" \/> <\/a> <a href=\"https:\/\/devletialiyye.org.tr\/tr\/category\/haberler\/\" class=\"cat_gry\">Haberler<\/a> <\/div> <div class=\"content_box trans\"> <div class=\"d-flex\"> <span class=\"date_tm\"><time class=\"date published font_special\" datetime=\"2024-09-16T15:51:37+00:00\"><i class=\"risehand-calendar5 mr-5\"><\/i>Eyl\u00fcl 16, 2024<\/time><\/span> <\/div> <div class=\"title_22 mb_0\"><a href=\"https:\/\/devletialiyye.org.tr\/tr\/mevlid-kandilinin-rahmet-dolu-atmosferinde-bulusma\/\" class=\"trim-3 mb_0\">Mevlid Kandili\u2019nin Rahmet Dolu Atmosferinde Bulu\u015fma<\/a><\/div> <p class=\"des_cription mt_15 mb_0\">De\u011ferli Dostlar\u0131m\u0131z ; Kocaeli \u0130l Ba\u015fkanl\u0131\u011f\u0131m\u0131z taraf\u0131ndan d\u00fczenlenen Mevlid Kandili \u00d6zel Program\u0131, Peygamber Efendimiz Hz.&hellip;<\/p> <div class=\"mt_10\"> <a class=\"text_btn trans\" href=\"https:\/\/devletialiyye.org.tr\/tr\/mevlid-kandilinin-rahmet-dolu-atmosferinde-bulusma\/\"> <small>Read more<\/small> <\/a> <\/div> <\/div> <\/div>\n <\/div> <div class=\"col-xl-6 col-lg-6 col-md-6 col-sm-6 blog-wrapper\"> <div class=\"blog-style_7 trans mb_40 has_images\"> <div class=\"image-box img_obj_fit_center\"> <a href=\"https:\/\/devletialiyye.org.tr\/tr\/mevlid-kandili-ozel-programi\/\" class=\"img_link\"> <img loading=\"lazy\" decoding=\"async\" width=\"1080\" height=\"1080\" src=\"https:\/\/devletialiyye.org.tr\/wp-content\/uploads\/2024\/09\/Siyah-ve-Sari-Zarif-Mevlid-Kandili-Instagram-Gonderisi.png\" class=\"attachment-risehand-image-370-320 trans size-risehand-image-370-320 trans wp-post-image\" alt=\"\" \/> <\/a> <a href=\"https:\/\/devletialiyye.org.tr\/tr\/category\/haberler\/\" class=\"cat_gry\">Haberler<\/a> <\/div> <div class=\"content_box trans\"> <div class=\"d-flex\"> <span class=\"date_tm\"><time class=\"date published font_special\" datetime=\"2024-09-16T15:32:49+00:00\"><i class=\"risehand-calendar5 mr-5\"><\/i>Eyl\u00fcl 16, 2024<\/time><\/span> <\/div> <div class=\"title_22 mb_0\"><a href=\"https:\/\/devletialiyye.org.tr\/tr\/mevlid-kandili-ozel-programi\/\" class=\"trim-3 mb_0\">Mevlid Kandili \u00d6zel Program\u0131<\/a><\/div> <p class=\"des_cription mt_15 mb_0\">De\u011ferli Dostlar\u0131m\u0131z ; Eski\u015fehir \u0130l Ba\u015fkanl\u0131\u011f\u0131m\u0131z olarak, Peygamber Efendimiz Hz. Muhammed&#8217;in (S.A.V) d\u00fcnyaya te\u015frif etti\u011fi&hellip;<\/p> <div class=\"mt_10\"> <a class=\"text_btn trans\" href=\"https:\/\/devletialiyye.org.tr\/tr\/mevlid-kandili-ozel-programi\/\"> <small>Read more<\/small> <\/a> <\/div> <\/div> <\/div>\n <\/div> <div class=\"col-xl-6 col-lg-6 col-md-6 col-sm-6 blog-wrapper\"> <div class=\"blog-style_7 trans mb_40 has_images\"> <div class=\"image-box img_obj_fit_center\"> <a href=\"https:\/\/devletialiyye.org.tr\/tr\/mevlid-kandilinin-manevi-huzuru\/\" class=\"img_link\"> <img loading=\"lazy\" decoding=\"async\" width=\"1080\" height=\"1080\" src=\"https:\/\/devletialiyye.org.tr\/wp-content\/uploads\/2024\/09\/kapak.png\" class=\"attachment-risehand-image-370-320 trans size-risehand-image-370-320 trans wp-post-image\" alt=\"\" \/> <\/a> <a href=\"https:\/\/devletialiyye.org.tr\/tr\/category\/haberler\/\" class=\"cat_gry\">Haberler<\/a> <\/div> <div class=\"content_box trans\"> <div class=\"d-flex\"> <span class=\"date_tm\"><time class=\"date published font_special\" datetime=\"2024-09-16T14:38:14+00:00\"><i class=\"risehand-calendar5 mr-5\"><\/i>Eyl\u00fcl 16, 2024<\/time><\/span> <\/div> <div class=\"title_22 mb_0\"><a href=\"https:\/\/devletialiyye.org.tr\/tr\/mevlid-kandilinin-manevi-huzuru\/\" class=\"trim-3 mb_0\">Mevlid Kandili&#8217;nin Manevi Huzuru<\/a><\/div> <p class=\"des_cription mt_15 mb_0\">De\u011ferli Dostlar\u0131m\u0131z ; Antalya \u0130l Ba\u015fkanl\u0131\u011f\u0131m\u0131z taraf\u0131ndan d\u00fczenlenen Mevlid Kandili \u00d6zel Program\u0131\u2019na ho\u015f geldiniz. Bu&hellip;<\/p> <div class=\"mt_10\"> <a class=\"text_btn trans\" href=\"https:\/\/devletialiyye.org.tr\/tr\/mevlid-kandilinin-manevi-huzuru\/\"> <small>Read more<\/small> <\/a> <\/div> <\/div> <\/div>\n <\/div> <div class=\"col-xl-6 col-lg-6 col-md-6 col-sm-6 blog-wrapper\"> <div class=\"blog-style_7 trans mb_40 has_images\"> <div class=\"image-box img_obj_fit_center\"> <a href=\"https:\/\/devletialiyye.org.tr\/tr\/devlet-i-aliyye-ocaklarindan-geleneksel-sunnet-solenine-buyuk-ilgi\/\" class=\"img_link\"> <\/a> <a href=\"https:\/\/devletialiyye.org.tr\/tr\/category\/etkinlikler\/\" class=\"cat_gry\">Etkinlikler<\/a> <\/div> <div class=\"content_box trans\"> <div class=\"d-flex\"> <span class=\"date_tm\"><time class=\"date published font_special\" datetime=\"2024-09-11T13:51:17+00:00\"><i class=\"risehand-calendar5 mr-5\"><\/i>Eyl\u00fcl 11, 2024<\/time><\/span> <\/div> <div class=\"title_22 mb_0\"><a href=\"https:\/\/devletialiyye.org.tr\/tr\/devlet-i-aliyye-ocaklarindan-geleneksel-sunnet-solenine-buyuk-ilgi\/\" class=\"trim-3 mb_0\">Devlet-i Aliyye Ocaklar\u0131&#8217;ndan Geleneksel S\u00fcnnet \u015e\u00f6lenine B\u00fcy\u00fck \u0130lgi<\/a><\/div> <p class=\"des_cription mt_15 mb_0\">De\u011ferli dostlar\u0131m\u0131z, Devlet-i Aliyye Ocaklar\u0131 olarak tarihimize ve k\u00fclt\u00fcrel miras\u0131m\u0131za sahip \u00e7\u0131kma misyonuyla ba\u015flatt\u0131\u011f\u0131m\u0131z geleneksel&hellip;<\/p> <div class=\"mt_10\"> <a class=\"text_btn trans\" href=\"https:\/\/devletialiyye.org.tr\/tr\/devlet-i-aliyye-ocaklarindan-geleneksel-sunnet-solenine-buyuk-ilgi\/\"> <small>Read more<\/small> <\/a> <\/div> <\/div> <\/div>\n <\/div> <div class=\"col-xl-6 col-lg-6 col-md-6 col-sm-6 blog-wrapper\"> <div class=\"blog-style_7 trans mb_40 has_images\"> <div class=\"image-box img_obj_fit_center\"> <a href=\"https:\/\/devletialiyye.org.tr\/tr\/alishan-aliev-nato-zirvesinde-cumhurbaskani-erdogan-ile-bir-araya-geldi\/\" class=\"img_link\"> <\/a> <a href=\"https:\/\/devletialiyye.org.tr\/tr\/category\/duyurular\/\" class=\"cat_gry\">Duyurular<\/a> <\/div> <div class=\"content_box trans\"> <div class=\"d-flex\"> <span class=\"date_tm\"><time class=\"date published font_special\" datetime=\"2024-07-26T17:21:36+00:00\"><i class=\"risehand-calendar5 mr-5\"><\/i>Temmuz 26, 2024<\/time><\/span> <\/div> <div class=\"title_22 mb_0\"><a href=\"https:\/\/devletialiyye.org.tr\/tr\/alishan-aliev-nato-zirvesinde-cumhurbaskani-erdogan-ile-bir-araya-geldi\/\" class=\"trim-3 mb_0\">Alishan Aliev, NATO Zirvesi&#8217;nde Cumhurba\u015fkan\u0131 Erdo\u011fan ile Bir Araya Geldi<\/a><\/div> <p class=\"des_cription mt_15 mb_0\">De\u011ferli dostlar\u0131m\u0131z, \u00d6zbekistan Te\u015fkilat\u0131 sorumlu ba\u015fkan\u0131m\u0131z Say\u0131n Alishan Aliev, Amerika&#8217;da d\u00fczenlenen 75. NATO Zirvesi&#8217;nde T\u00fcrkiye&hellip;<\/p> <div class=\"mt_10\"> <a class=\"text_btn trans\" href=\"https:\/\/devletialiyye.org.tr\/tr\/alishan-aliev-nato-zirvesinde-cumhurbaskani-erdogan-ile-bir-araya-geldi\/\"> <small>Read more<\/small> <\/a> <\/div> <\/div> <\/div>\n <\/div> <div class=\"col-xl-6 col-lg-6 col-md-6 col-sm-6 blog-wrapper\"> <div class=\"blog-style_7 trans mb_40 has_images\"> <div class=\"image-box img_obj_fit_center\"> <a href=\"https:\/\/devletialiyye.org.tr\/tr\/milli-bilinci-uyandiranlar-bizim-cocuklar\/\" class=\"img_link\"> <\/a> <a href=\"https:\/\/devletialiyye.org.tr\/tr\/category\/haberler\/\" class=\"cat_gry\">Haberler<\/a> <\/div> <div class=\"content_box trans\"> <div class=\"d-flex\"> <span class=\"date_tm\"><time class=\"date published font_special\" datetime=\"2024-07-07T00:22:49+00:00\"><i class=\"risehand-calendar5 mr-5\"><\/i>Temmuz 7, 2024<\/time><\/span> <\/div> <div class=\"title_22 mb_0\"><a href=\"https:\/\/devletialiyye.org.tr\/tr\/milli-bilinci-uyandiranlar-bizim-cocuklar\/\" class=\"trim-3 mb_0\">TE\u015eEKK\u00dcRLER<\/a><\/div> <p class=\"des_cription mt_15 mb_0\">K\u0131ymetli dostlar ; T\u00fcrk A Milli Futbol Tak\u0131m\u0131, bir kez daha y\u00fcreklerimizi kabartarak millet\u00e7e gurur&hellip;<\/p> <div class=\"mt_10\"> <a class=\"text_btn trans\" href=\"https:\/\/devletialiyye.org.tr\/tr\/milli-bilinci-uyandiranlar-bizim-cocuklar\/\"> <small>Read more<\/small> <\/a> <\/div> <\/div> <\/div>\n <\/div> <\/div> <div class=\"row\"> <div class=\"col-lg-12\"> <div class=\"pagination\"> <ul class='page-numbers'>\n\t<li><span aria-label=\"Page 1\" aria-current=\"page\" class=\"page-numbers current\" data-no-translation-aria-label=\"\">1<\/span><\/li>\n\t<li><a aria-label=\"Page 2\" class=\"page-numbers\" href=\"https:\/\/devletialiyye.org.tr\/tr\/wp-json\/wp\/v2\/pages\/3699\/page\/2\/\" data-no-translation-aria-label=\"\">2<\/a><\/li>\n\t<li><a aria-label=\"Page 3\" class=\"page-numbers\" href=\"https:\/\/devletialiyye.org.tr\/tr\/wp-json\/wp\/v2\/pages\/3699\/page\/3\/\" data-no-translation-aria-label=\"\">3<\/a><\/li>\n\t<li><span class=\"page-numbers dots\">&hellip;<\/span><\/li>\n\t<li><a aria-label=\"Page 8\" class=\"page-numbers\" href=\"https:\/\/devletialiyye.org.tr\/tr\/wp-json\/wp\/v2\/pages\/3699\/page\/8\/\" data-no-translation-aria-label=\"\">8<\/a><\/li>\n\t<li><a class=\"next page-numbers\" href=\"https:\/\/devletialiyye.org.tr\/tr\/wp-json\/wp\/v2\/pages\/3699\/page\/2\/\"><i class=\"fa fa-angle-right\"><\/i><\/a><\/li>\n<\/ul>\n <\/div> <\/div> <\/div> <\/section>\r\n\t\t\t\t<\/div>\n\t\t\t\t<\/div>\n\t\t\t\t\t<\/div>\n\t\t<\/div>\n\t\t\t\t\t<\/div>\n\t\t<\/section>\n\t\t\t\t<\/div>","protected":false},"excerpt":{"rendered":"<p>Community December 14, 2023 Post a Comment The church has filed for a rehearing in the appeals court Through our food pantry, we provide nourishment to families experiencing food insecurity. Read more Community December 14, 2023 Post a Comment A judge ruled in favor of the church in Huntsman\u2019s case We believe that no one [&hellip;]<\/p>","protected":false},"author":1,"featured_media":0,"parent":0,"menu_order":0,"comment_status":"closed","ping_status":"closed","template":"","meta":{"footnotes":""},"class_list":["post-3699","page","type-page","status-publish","hentry"],"_links":{"self":[{"href":"https:\/\/devletialiyye.org.tr\/tr\/wp-json\/wp\/v2\/pages\/3699","targetHints":{"allow":["GET"]}}],"collection":[{"href":"https:\/\/devletialiyye.org.tr\/tr\/wp-json\/wp\/v2\/pages"}],"about":[{"href":"https:\/\/devletialiyye.org.tr\/tr\/wp-json\/wp\/v2\/types\/page"}],"author":[{"embeddable":true,"href":"https:\/\/devletialiyye.org.tr\/tr\/wp-json\/wp\/v2\/users\/1"}],"replies":[{"embeddable":true,"href":"https:\/\/devletialiyye.org.tr\/tr\/wp-json\/wp\/v2\/comments?post=3699"}],"version-history":[{"count":1,"href":"https:\/\/devletialiyye.org.tr\/tr\/wp-json\/wp\/v2\/pages\/3699\/revisions"}],"predecessor-version":[{"id":5898,"href":"https:\/\/devletialiyye.org.tr\/tr\/wp-json\/wp\/v2\/pages\/3699\/revisions\/5898"}],"wp:attachment":[{"href":"https:\/\/devletialiyye.org.tr\/tr\/wp-json\/wp\/v2\/media?parent=3699"}],"curies":[{"name":"wp","href":"https:\/\/api.w.org\/{rel}","templated":true}]}}