{"id":677,"date":"2023-12-13T10:33:57","date_gmt":"2023-12-13T10:33:57","guid":{"rendered":"http:\/\/localhost:10063\/?post_type=volunteer&#038;p=677"},"modified":"2024-10-15T21:22:34","modified_gmt":"2024-10-15T21:22:34","slug":"mehmet-karapinar","status":"publish","type":"volunteer","link":"https:\/\/devletialiyye.org.tr\/tr\/volunteer\/mehmet-karapinar\/","title":{"rendered":"Mehmet KARAPINAR"},"content":{"rendered":"<div data-elementor-type=\"wp-post\" data-elementor-id=\"677\" class=\"elementor elementor-677\">\n\t\t\t\t\t\t<section class=\"elementor-section elementor-top-section elementor-element elementor-element-c556f66 elementor-section-content-bottom elementor-section-boxed elementor-section-height-default elementor-section-height-default\" data-id=\"c556f66\" data-element_type=\"section\" data-e-type=\"section\" data-settings=\"{&quot;background_background&quot;:&quot;classic&quot;}\">\n\t\t\t\t\t\t<div class=\"elementor-container elementor-column-gap-no\">\n\t\t\t\t\t<div class=\"elementor-column elementor-col-50 elementor-top-column elementor-element elementor-element-8c930a4\" data-id=\"8c930a4\" data-element_type=\"column\" data-e-type=\"column\">\n\t\t\t<div class=\"elementor-widget-wrap elementor-element-populated\">\n\t\t\t\t\t\t<div class=\"elementor-element elementor-element-ccace70 elementor-widget elementor-widget-risehand-image-box-v2\" data-id=\"ccace70\" data-element_type=\"widget\" data-e-type=\"widget\" data-widget_type=\"risehand-image-box-v2.default\">\n\t\t\t\t<div class=\"elementor-widget-container\">\n\t\t\t\t\t \n <div class=\"image_box_v2_one\"> <div class=\"spattern_bg trans mask_image\" style=\"mask-image: url(https:\/\/devletialiyye.org.tr\/wp-content\/plugins\/risehand-addons\/assets\/image\/slider-2\/mask-3.png); -webkit-mask-image: url(https:\/\/devletialiyye.org.tr\/wp-content\/plugins\/risehand-addons\/assets\/image\/slider-2\/mask-3.png);\"> <\/div> <div class=\"image one\"> <img decoding=\"async\" src=\"https:\/\/ahmetbaltaci.net.tr\/devlet\/wp-content\/uploads\/2023\/12\/4.png\" class=\"img\" alt=\"image\" \/> <\/div> <\/div> \n\t\t\t\t<\/div>\n\t\t\t\t<\/div>\n\t\t\t\t\t<\/div>\n\t\t<\/div>\n\t\t\t\t<div class=\"elementor-column elementor-col-50 elementor-top-column elementor-element elementor-element-4211700\" data-id=\"4211700\" data-element_type=\"column\" data-e-type=\"column\">\n\t\t\t<div class=\"elementor-widget-wrap elementor-element-populated\">\n\t\t\t\t\t\t<div class=\"elementor-element elementor-element-f08dacf elementor-widget elementor-widget-risehand-title-v1\" data-id=\"f08dacf\" data-element_type=\"widget\" data-e-type=\"widget\" data-widget_type=\"risehand-title-v1.default\">\n\t\t\t\t<div class=\"elementor-widget-container\">\n\t\t\t\t\t \r\n<div class=\"title_all_box style_one dark_color\">\r\n <h2 class=\"title_no_a_46 mb_0 pb_20\">\r\n Mehmet KARAPINAR <\/h2>\r\n <p class=\"desc_p\">\r\n 1988 Ankara \u00c7ubuk do\u011fumlu, Evli ve 3 \u00e7ocuk babas\u0131 olan Mehmet Karap\u0131nar Samsun 19 May\u0131s \u00dcniversitesi \u0130lahiyat Fak\u00fcltesi mezunudur.\n\n2007-2009 y\u0131llar\u0131 aras\u0131nda Diyanet \u0130\u015fleri Ba\u015fkanl\u0131\u011f\u0131 b\u00fcnyesinde imamhatip, 2009-2010 y\u0131llar\u0131nda din k\u00fclt\u00fcr\u00fc ve ahlak bilgisi \u00f6\u011fretmeni olarak g\u00f6rev yapm\u0131\u015f sonras\u0131nda kurum de\u011fi\u015ftirerek kamu personeli olarak \u00e7al\u0131\u015fma hayat\u0131na devam etmekte olup bununla birlikte \u00e7e\u015fitli stklarda \u00fcye veya \u00fcst y\u00f6netimlerinde halihaz\u0131rda g\u00f6rev almaktad\u0131r.\n\nDevleti Aliyye Ocaklar\u0131 kurucu Ankara \u0130l y\u00f6netiminde Sosyal \u0130\u015fler Ba\u015fkan\u0131 olarak g\u00f6rev yaparken, 2021 y\u0131l\u0131nda Ankara \u0130l Ba\u015fkan\u0131 olarak atanm\u0131\u015f,\n\n2024 y\u0131l\u0131 Ocak ay\u0131na kadar bu g\u00f6revini ba\u015far\u0131yla s\u00fcrd\u00fcrm\u00fc\u015ft\u00fcr.\n\n28.01.2024 tarihi itibariyle Genel Ba\u015fkan\u0131m\u0131z \u015eehzade Abd\u00fclhamid Kay\u0131han Osmano\u011flu\u2019nun tensipleri ile Te\u015fkilatlanmalardan Sorumlu Genel Ba\u015fkan Yard\u0131mc\u0131s\u0131 olarak g\u00f6revlendirilmi\u015f olup halen bu g\u00f6revine devam etmektedir. <\/p>\r\n <\/div>\r\n\r\n\t\t\t\t<\/div>\n\t\t\t\t<\/div>\n\t\t\t\t<div class=\"elementor-element elementor-element-18b6535 elementor-widget elementor-widget-spacer\" data-id=\"18b6535\" data-element_type=\"widget\" data-e-type=\"widget\" data-widget_type=\"spacer.default\">\n\t\t\t\t<div class=\"elementor-widget-container\">\n\t\t\t\t\t\t\t<div class=\"elementor-spacer\">\n\t\t\t<div class=\"elementor-spacer-inner\"><\/div>\n\t\t<\/div>\n\t\t\t\t\t\t<\/div>\n\t\t\t\t<\/div>\n\t\t\t\t<div class=\"elementor-element elementor-element-ee8a377 elementor-widget elementor-widget-spacer\" data-id=\"ee8a377\" data-element_type=\"widget\" data-e-type=\"widget\" data-widget_type=\"spacer.default\">\n\t\t\t\t<div class=\"elementor-widget-container\">\n\t\t\t\t\t\t\t<div class=\"elementor-spacer\">\n\t\t\t<div class=\"elementor-spacer-inner\"><\/div>\n\t\t<\/div>\n\t\t\t\t\t\t<\/div>\n\t\t\t\t<\/div>\n\t\t\t\t<div class=\"elementor-element elementor-element-a225d69 elementor-widget elementor-widget-spacer\" data-id=\"a225d69\" data-element_type=\"widget\" data-e-type=\"widget\" data-widget_type=\"spacer.default\">\n\t\t\t\t<div class=\"elementor-widget-container\">\n\t\t\t\t\t\t\t<div class=\"elementor-spacer\">\n\t\t\t<div class=\"elementor-spacer-inner\"><\/div>\n\t\t<\/div>\n\t\t\t\t\t\t<\/div>\n\t\t\t\t<\/div>\n\t\t\t\t\t<\/div>\n\t\t<\/div>\n\t\t\t\t\t<\/div>\n\t\t<\/section>\n\t\t\t\t<\/div>","protected":false},"excerpt":{"rendered":"<p>Mehmet KARAPINAR 1988 Ankara \u00c7ubuk do\u011fumlu, Evli ve 3 \u00e7ocuk babas\u0131 olan Mehmet Karap\u0131nar Samsun 19 May\u0131s \u00dcniversitesi \u0130lahiyat Fak\u00fcltesi mezunudur. 2007-2009 y\u0131llar\u0131 aras\u0131nda Diyanet \u0130\u015fleri Ba\u015fkanl\u0131\u011f\u0131 b\u00fcnyesinde imamhatip, 2009-2010 y\u0131llar\u0131nda din k\u00fclt\u00fcr\u00fc ve ahlak bilgisi \u00f6\u011fretmeni olarak g\u00f6rev yapm\u0131\u015f sonras\u0131nda kurum de\u011fi\u015ftirerek kamu personeli olarak \u00e7al\u0131\u015fma hayat\u0131na devam etmekte olup bununla birlikte \u00e7e\u015fitli stklarda [&hellip;]<\/p>","protected":false},"featured_media":6509,"parent":0,"menu_order":0,"comment_status":"closed","ping_status":"closed","template":"","volunteer_category":[],"class_list":["post-677","volunteer","type-volunteer","status-publish","has-post-thumbnail","hentry"],"_links":{"self":[{"href":"https:\/\/devletialiyye.org.tr\/tr\/wp-json\/wp\/v2\/volunteer\/677","targetHints":{"allow":["GET"]}}],"collection":[{"href":"https:\/\/devletialiyye.org.tr\/tr\/wp-json\/wp\/v2\/volunteer"}],"about":[{"href":"https:\/\/devletialiyye.org.tr\/tr\/wp-json\/wp\/v2\/types\/volunteer"}],"replies":[{"embeddable":true,"href":"https:\/\/devletialiyye.org.tr\/tr\/wp-json\/wp\/v2\/comments?post=677"}],"version-history":[{"count":7,"href":"https:\/\/devletialiyye.org.tr\/tr\/wp-json\/wp\/v2\/volunteer\/677\/revisions"}],"predecessor-version":[{"id":6085,"href":"https:\/\/devletialiyye.org.tr\/tr\/wp-json\/wp\/v2\/volunteer\/677\/revisions\/6085"}],"wp:featuredmedia":[{"embeddable":true,"href":"https:\/\/devletialiyye.org.tr\/tr\/wp-json\/wp\/v2\/media\/6509"}],"wp:attachment":[{"href":"https:\/\/devletialiyye.org.tr\/tr\/wp-json\/wp\/v2\/media?parent=677"}],"wp:term":[{"taxonomy":"volunteer_category","embeddable":true,"href":"https:\/\/devletialiyye.org.tr\/tr\/wp-json\/wp\/v2\/volunteer_category?post=677"}],"curies":[{"name":"wp","href":"https:\/\/api.w.org\/{rel}","templated":true}]}}